{"id":4028,"date":"2025-09-23T07:58:31","date_gmt":"2025-09-23T07:58:31","guid":{"rendered":"https:\/\/move-smart.ch\/impressum\/"},"modified":"2026-02-16T09:48:35","modified_gmt":"2026-02-16T09:48:35","slug":"impressum","status":"publish","type":"page","link":"https:\/\/move-smart.ch\/fr\/impressum\/","title":{"rendered":"Impressum et protection des donn\u00e9es"},"content":{"rendered":"\t\t<div data-elementor-type=\"wp-page\" data-elementor-id=\"4028\" class=\"elementor elementor-4028 elementor-2821\" data-elementor-post-type=\"page\">\n\t\t\t\t<div class=\"elementor-element elementor-element-ed3a74c e-con-full e-flex e-con e-parent\" data-id=\"ed3a74c\" data-element_type=\"container\" data-e-type=\"container\">\n\t\t<div class=\"elementor-element elementor-element-c7939de e-flex e-con-boxed e-con e-child\" data-id=\"c7939de\" data-element_type=\"container\" data-e-type=\"container\" data-settings=\"{&quot;background_background&quot;:&quot;video&quot;,&quot;background_video_link&quot;:&quot;https:\\\/\\\/move-smart.ch\\\/wp-content\\\/uploads\\\/2026\\\/01\\\/HeroVideo.mp4&quot;,&quot;background_play_on_mobile&quot;:&quot;yes&quot;}\">\n\t\t\t\t\t<div class=\"e-con-inner\">\n\t\t<div class=\"elementor-background-video-container\">\n\t\t\t\t\t\t\t<video class=\"elementor-background-video-hosted\" role=\"presentation\" autoplay muted playsinline loop><\/video>\n\t\t\t\t\t<\/div><div class=\"elementor-element elementor-element-49a5c21 e-flex e-con-boxed e-con e-child\" data-id=\"49a5c21\" data-element_type=\"container\" data-e-type=\"container\">\n\t\t\t\t\t<div class=\"e-con-inner\">\n\t\t\t\t<div class=\"elementor-element elementor-element-9064243 elementor-widget elementor-widget-heading\" data-id=\"9064243\" data-element_type=\"widget\" data-e-type=\"widget\" data-widget_type=\"heading.default\">\n\t\t\t\t\t<h2 class=\"elementor-heading-title elementor-size-default\">Impressum<\/h2>\t\t\t\t<\/div>\n\t\t\t\t\t<\/div>\n\t\t\t\t<\/div>\n\t\t\t\t\t<\/div>\n\t\t\t\t<\/div>\n\t\t\t\t<\/div>\n\t\t<div class=\"elementor-element elementor-element-2b28081 e-flex e-con-boxed e-con e-parent\" data-id=\"2b28081\" data-element_type=\"container\" data-e-type=\"container\">\n\t\t\t\t\t<div class=\"e-con-inner\">\n\t\t<div class=\"elementor-element elementor-element-c82a8c7 e-con-full e-flex e-con e-child\" data-id=\"c82a8c7\" data-element_type=\"container\" data-e-type=\"container\">\n\t\t<div class=\"elementor-element elementor-element-d8e5426 e-con-full e-flex e-con e-child\" data-id=\"d8e5426\" data-element_type=\"container\" data-e-type=\"container\">\n\t\t<div class=\"elementor-element elementor-element-1a11cc1 e-con-full e-flex e-con e-child\" data-id=\"1a11cc1\" data-element_type=\"container\" data-e-type=\"container\">\n\t\t\t\t<div class=\"elementor-element elementor-element-6c5dc445 elementor-widget elementor-widget-text-editor\" data-id=\"6c5dc445\" data-element_type=\"widget\" data-e-type=\"widget\" data-widget_type=\"text-editor.default\">\n\t\t\t\t\t\t\t\t\t<h5><strong>Exploitant du site Internet<\/strong><\/h5><p>Association \u00abNachhaltigere Unternehmensmobilit\u00e4t,\u00bb appel\u00e9e MoveSmart<br>D\u00e4hlh\u00f6lzliweg 12<br>CH-3005 Berne<\/p><h5><strong>Contact<\/strong><\/h5><p>E-mail : projektleitung@move-smart.ch<br>Site web : https:\/\/move-smart.ch<\/p><h5><strong>Structure juridique<\/strong><\/h5><p><span data-olk-copy-source=\"MessageBody\">Association, fond\u00e9e le 25 novembre 2025<\/span><\/p><p> <\/p>\t\t\t\t\t\t\t\t<\/div>\n\t\t\t\t<\/div>\n\t\t<div class=\"elementor-element elementor-element-bca476f e-con-full e-flex e-con e-child\" data-id=\"bca476f\" data-element_type=\"container\" data-e-type=\"container\">\n\t\t\t\t<div class=\"elementor-element elementor-element-1007f6d elementor-widget elementor-widget-text-editor\" data-id=\"1007f6d\" data-element_type=\"widget\" data-e-type=\"widget\" data-widget_type=\"text-editor.default\">\n\t\t\t\t\t\t\t\t\t<h5><strong>Non-responsabilit\u00e9<\/strong><\/h5><p><span data-olk-copy-source=\"MessageBody\">Le contenu du pr\u00e9sent site Internet a \u00e9t\u00e9 \u00e9labor\u00e9 avec le plus grand soin. Toutefois, nous d\u00e9clinons toute responsabilit\u00e9 concernant l\u2019exactitude, l\u2019exhaustivit\u00e9 et l\u2019actualit\u00e9 du contenu.<\/span><\/p><h5><strong>Droit d\u2019auteur<\/strong><\/h5><p>Le contenu et le travail \u00e9labor\u00e9 par l\u2019exploitant du pr\u00e9sent site Internet sont r\u00e9gis par la l\u00e9gislation suisse sur les droits d\u2019auteur. Les contributions de tiers sont indiqu\u00e9es comme telles.<\/p><h5><strong>Protection des donn\u00e9es<\/strong><\/h5><p>Vous trouverez dans notre d\u00e9claration de confidentialit\u00e9 les informations relatives \u00e0 la protection des donn\u00e9es.<\/p>\t\t\t\t\t\t\t\t<\/div>\n\t\t\t\t<div class=\"elementor-element elementor-element-4de0bea3 elementor-widget-mobile__width-inherit elementor-invisible elementor-widget elementor-widget-button\" data-id=\"4de0bea3\" data-element_type=\"widget\" data-e-type=\"widget\" data-settings=\"{&quot;_animation&quot;:&quot;fadeInDown&quot;}\" data-widget_type=\"button.default\">\n\t\t\t\t\t\t\t\t\t\t<a class=\"elementor-button elementor-button-link elementor-size-sm\" href=\"https:\/\/move-smart.ch\/fr\/datenschutzerklaerung_de_fr\/\" target=\"_blank\">\n\t\t\t\t\t\t<span class=\"elementor-button-content-wrapper\">\n\t\t\t\t\t\t<span class=\"elementor-button-icon\">\n\t\t\t\t<i aria-hidden=\"true\" class=\"jki jki-download-line\"><\/i>\t\t\t<\/span>\n\t\t\t\t\t\t\t\t\t<span class=\"elementor-button-text\">D\u00e9claration de confidentialit\u00e9<\/span>\n\t\t\t\t\t<\/span>\n\t\t\t\t\t<\/a>\n\t\t\t\t\t\t\t\t<\/div>\n\t\t\t\t<\/div>\n\t\t\t\t<\/div>\n\t\t\t\t<\/div>\n\t\t<div class=\"elementor-element elementor-element-6a8fe0f e-con-full e-flex e-con e-child\" data-id=\"6a8fe0f\" data-element_type=\"container\" data-e-type=\"container\">\n\t\t\t\t<div class=\"elementor-element elementor-element-92cf278 elementor-widget elementor-widget-google_maps\" data-id=\"92cf278\" data-element_type=\"widget\" data-e-type=\"widget\" data-widget_type=\"google_maps.default\">\n\t\t\t\t\t\t\t<div class=\"elementor-custom-embed\">\n\t\t\t<iframe loading=\"lazy\"\n\t\t\t\t\tsrc=\"https:\/\/maps.google.com\/maps?q=Verband%20%C3%B6ffentlicher%20verkehr&#038;t=m&#038;z=13&#038;output=embed&#038;iwloc=near\"\n\t\t\t\t\ttitle=\"Verband \u00f6ffentlicher verkehr\"\n\t\t\t\t\taria-label=\"Verband \u00f6ffentlicher verkehr\"\n\t\t\t><\/iframe>\n\t\t<\/div>\n\t\t\t\t\t\t<\/div>\n\t\t\t\t<\/div>\n\t\t\t\t\t<\/div>\n\t\t\t\t<\/div>\n\t\t\t\t<\/div>\n\t\t","protected":false},"excerpt":{"rendered":"<p>Impressum Exploitant du site Internet Association \u00abNachhaltigere Unternehmensmobilit\u00e4t,\u00bb appel\u00e9e MoveSmartD\u00e4hlh\u00f6lzliweg 12CH-3005 Berne Contact E-mail : projektleitung@move-smart.chSite web : https:\/\/move-smart.ch Structure juridique Association, fond\u00e9e le 25 novembre 2025 Non-responsabilit\u00e9 Le contenu du pr\u00e9sent site Internet a \u00e9t\u00e9 \u00e9labor\u00e9 avec le plus grand soin. Toutefois, nous d\u00e9clinons toute responsabilit\u00e9 concernant l\u2019exactitude, l\u2019exhaustivit\u00e9 et l\u2019actualit\u00e9 du contenu. Droit [&hellip;]<\/p>\n","protected":false},"author":4,"featured_media":0,"parent":0,"menu_order":0,"comment_status":"closed","ping_status":"closed","template":"","meta":{"footnotes":""},"class_list":["post-4028","page","type-page","status-publish","hentry"],"_links":{"self":[{"href":"https:\/\/move-smart.ch\/fr\/wp-json\/wp\/v2\/pages\/4028","targetHints":{"allow":["GET"]}}],"collection":[{"href":"https:\/\/move-smart.ch\/fr\/wp-json\/wp\/v2\/pages"}],"about":[{"href":"https:\/\/move-smart.ch\/fr\/wp-json\/wp\/v2\/types\/page"}],"author":[{"embeddable":true,"href":"https:\/\/move-smart.ch\/fr\/wp-json\/wp\/v2\/users\/4"}],"replies":[{"embeddable":true,"href":"https:\/\/move-smart.ch\/fr\/wp-json\/wp\/v2\/comments?post=4028"}],"version-history":[{"count":10,"href":"https:\/\/move-smart.ch\/fr\/wp-json\/wp\/v2\/pages\/4028\/revisions"}],"predecessor-version":[{"id":4980,"href":"https:\/\/move-smart.ch\/fr\/wp-json\/wp\/v2\/pages\/4028\/revisions\/4980"}],"wp:attachment":[{"href":"https:\/\/move-smart.ch\/fr\/wp-json\/wp\/v2\/media?parent=4028"}],"curies":[{"name":"wp","href":"https:\/\/api.w.org\/{rel}","templated":true}]}}